{"id":16744,"date":"2026-04-28T10:22:59","date_gmt":"2026-04-28T08:22:59","guid":{"rendered":"https:\/\/kuna.bbk.eus\/?post_type=tribe_events&#038;p=16744"},"modified":"2026-04-28T10:29:11","modified_gmt":"2026-04-28T08:29:11","slug":"pro-tejiendo-sus-derechos","status":"publish","type":"tribe_events","link":"https:\/\/kuna.bbk.eus\/en\/event\/pro-tejiendo-sus-derechos\/","title":{"rendered":"Pro-tejiendo sus derechos"},"content":{"rendered":"    <section class=\"wp-block-base-event-info\" style=\"background-color: #9BBDBC\">\n        <div class=\"event-info-block-wrapper\">\n            \n\n<!-- Date -->\n<h2 class=\"tribe-events-schedule tribe-events-schedule__date\">\n    <span class=\"title\">Date<\/span>\n    <span class=\"tribe-events-schedule__date tribe-events-schedule__date--start\">\n                    21\/05\/26            <\/span>\n<\/h2>\n\n<!-- Time -->\n<h2 class=\"tribe-events-schedule tribe-events-schedule__time\">\n    <span class=\"title\">Time<\/span>\n            <span class=\"tribe-events-schedule__time tribe-events-schedule__time--end\">\n                            17:30 &#8211; 18:30h                    <\/span>\n    \n    <\/h2>\n\n<div class=\"tribe-block tribe-block__venue \">\n    \n    \n<div class=\"tribe-block__venue__meta\">\n    <div class=\"tribe-block__venue__name\">\n        <h2>\n            <span class=\"title\">Venue<\/span>\n            <span><a href=\"https:\/\/kuna.bbk.eus\/venue\/bbk-kuna-muelle\/\" title=\"BBK Kuna &#8211; Muelle\">BBK Kuna &#8211; Muelle<\/a><\/span>\n        <\/h2>\n    <\/div>\n\n    \n    \n    \n    \n    <\/div>    \n    <\/div>\n\n\n        <\/div>\n    <\/section>\n\n\n\n\n\n<p>Son muchas y muy diversas las causas que provocan la vulneraci\u00f3n de los derechos de la infancia en un contexto como el de Madagascar, as\u00ed como las maneras de vulnerarlos: la explotaci\u00f3n laboral infantil, trata, explotaci\u00f3n f\u00edsica y sexual o la violencia dom\u00e9stica son algunas de ellas. <\/p>\n\n\n\n<p>El taller titulado <em><strong>Pro-tejiendo sus derechos<\/strong><\/em>, tiene como objetivo sensibilizar a ni\u00f1os y ni\u00f1as de edades comprendidas entre los <strong>6 y os 12 a\u00f1os<\/strong> sobre los derechos de la infancia. Acercarles de manera l\u00fadica, mediante actividades, juegos y din\u00e1micas diversas a la realidad que muchos ni\u00f1os y ni\u00f1as viven actualmente viendo sus derechos vulnerados, siendo v\u00edctimas de maltrato infantil, explotaci\u00f3n o violencia dom\u00e9stica entre otros. <\/p>\n\n\n\n<p>Adem\u00e1s como contenidos indispensables a trabajar en la sesi\u00f3n, aprenderemos qu\u00e9 es la Agenda 2030 y los objetivos de Desarrollo Sostenible, teniendo como eje principal del taller el ODS 4, Educaci\u00f3n de Calidad, ya que la educaci\u00f3n como motor de desarrollo es el eje principal de nuestra Fundaci\u00f3n.<\/p>\n\n\n\n<p>El taller es gratuito para familias e infancia (entre 6 y 12 a\u00f1os) y es necesario confirmar asistencia a trav\u00e9s del correo eventos@aguadecoco.org<\/p>\n\n\n\n<figure class=\"wp-block-image size-large\"><img loading=\"lazy\" decoding=\"async\" width=\"724\" height=\"1024\" src=\"https:\/\/kuna.bbk.eus\/wp-content\/uploads\/2026\/04\/1000071627-724x1024.png\" alt=\"\" class=\"wp-image-16740\" srcset=\"https:\/\/kuna.bbk.eus\/wp-content\/uploads\/2026\/04\/1000071627-724x1024.png 724w, https:\/\/kuna.bbk.eus\/wp-content\/uploads\/2026\/04\/1000071627-212x300.png 212w, https:\/\/kuna.bbk.eus\/wp-content\/uploads\/2026\/04\/1000071627-768x1086.png 768w, https:\/\/kuna.bbk.eus\/wp-content\/uploads\/2026\/04\/1000071627-1086x1536.png 1086w, https:\/\/kuna.bbk.eus\/wp-content\/uploads\/2026\/04\/1000071627-318x450.png 318w, https:\/\/kuna.bbk.eus\/wp-content\/uploads\/2026\/04\/1000071627-636x900.png 636w, https:\/\/kuna.bbk.eus\/wp-content\/uploads\/2026\/04\/1000071627-543x768.png 543w, https:\/\/kuna.bbk.eus\/wp-content\/uploads\/2026\/04\/1000071627-701x992.png 701w, https:\/\/kuna.bbk.eus\/wp-content\/uploads\/2026\/04\/1000071627-1403x1984.png 1403w, https:\/\/kuna.bbk.eus\/wp-content\/uploads\/2026\/04\/1000071627-848x1200.png 848w, https:\/\/kuna.bbk.eus\/wp-content\/uploads\/2026\/04\/1000071627-1273x1800.png 1273w, https:\/\/kuna.bbk.eus\/wp-content\/uploads\/2026\/04\/1000071627.png 1414w\" sizes=\"auto, (max-width: 724px) 100vw, 724px\" \/><\/figure>\n\n\n\n<p><\/p>\n\n\n\n<div class=\"event-share-block\">\n    <span class=\"title\">Share<\/span>\n    <ul>\n                    <li>\n                <a class=\"fb-share-button\" href=\"https:\/\/www.facebook.com\/sharer\/sharer.php\" target=\"_blank\">\n                    <svg width=\"18\" height=\"18\" viewBox=\"0 0 18 18\" fill=\"none\" xmlns=\"http:\/\/www.w3.org\/2000\/svg\">\n<path d=\"M13.4993 0.0037452L11.1651 0C8.54278 0 6.84809 1.73871 6.84809 4.42982V6.47227H4.50118C4.29838 6.47227 4.13416 6.63668 4.13416 6.83949V9.79876C4.13416 10.0016 4.29857 10.1658 4.50118 10.1658H6.84809V17.633C6.84809 17.8358 7.01231 18 7.21511 18H10.2772C10.48 18 10.6442 17.8356 10.6442 17.633V10.1658H13.3883C13.5911 10.1658 13.7553 10.0016 13.7553 9.79876L13.7564 6.83949C13.7564 6.74211 13.7177 6.64886 13.6489 6.57994C13.5802 6.51103 13.4866 6.47227 13.3892 6.47227H10.6442V4.74086C10.6442 3.90868 10.8425 3.48622 11.9265 3.48622L13.4989 3.48566C13.7016 3.48566 13.8658 3.32124 13.8658 3.11863V0.370775C13.8658 0.168347 13.7017 0.00411972 13.4993 0.0037452Z\" fill=\"white\"\/>\n<path d=\"M13.4993 0.0037452L11.1651 0C8.54278 0 6.84809 1.73871 6.84809 4.42982V6.47227H4.50118C4.29838 6.47227 4.13416 6.63668 4.13416 6.83949V9.79876C4.13416 10.0016 4.29857 10.1658 4.50118 10.1658H6.84809V17.633C6.84809 17.8358 7.01231 18 7.21511 18H10.2772C10.48 18 10.6442 17.8356 10.6442 17.633V10.1658H13.3883C13.5911 10.1658 13.7553 10.0016 13.7553 9.79876L13.7564 6.83949C13.7564 6.74211 13.7177 6.64886 13.6489 6.57994C13.5802 6.51103 13.4866 6.47227 13.3892 6.47227H10.6442V4.74086C10.6442 3.90868 10.8425 3.48622 11.9265 3.48622L13.4989 3.48566C13.7016 3.48566 13.8658 3.32124 13.8658 3.11863V0.370775C13.8658 0.168347 13.7017 0.00411972 13.4993 0.0037452Z\" fill=\"#56646B\"\/>\n<\/svg>                <\/a>\n            <\/li>\n                            <li>\n                <a class=\"twitter-share-button\" href=\"https:\/\/twitter.com\/intent\/tweet?text=Pro-tejiendo+sus+derechos&#038;url=https%3A%2F%2Fkuna.bbk.eus%2Fen%2Fevent%2Fpro-tejiendo-sus-derechos%2F\" target=\"_blank\">\n                    <svg width=\"18\" height=\"15\" viewBox=\"0 0 18 15\" fill=\"none\" xmlns=\"http:\/\/www.w3.org\/2000\/svg\">\n<path d=\"M5.44628 14.7206C11.9815 14.7206 15.556 9.05666 15.556 4.14491C15.556 3.98404 15.556 3.82389 15.5457 3.66446C16.241 3.1383 16.8413 2.4868 17.3184 1.74049C16.6699 2.04108 15.982 2.23821 15.2776 2.32529C16.0193 1.86077 16.5745 1.13016 16.8397 0.269429C16.1422 0.702381 15.3792 1.0075 14.5834 1.17163C14.0477 0.575732 13.3392 0.181142 12.5675 0.0489242C11.7958 -0.0832938 11.004 0.054231 10.3145 0.440217C9.62505 0.826203 9.07643 1.43913 8.75352 2.18415C8.43062 2.92918 8.35145 3.76476 8.52825 4.56159C7.1156 4.48751 5.73362 4.10349 4.47204 3.43445C3.21047 2.76541 2.09749 1.82632 1.20536 0.678137C0.750988 1.4964 0.611823 2.46505 0.8162 3.38687C1.02058 4.3087 1.55313 5.11438 2.30542 5.63989C1.73997 5.62236 1.18685 5.46279 0.692734 5.17466C0.692734 5.18987 0.692734 5.20582 0.692734 5.22176C0.692959 6.07992 0.976937 6.91157 1.4965 7.57567C2.01607 8.23977 2.73923 8.69543 3.54334 8.86535C3.02023 9.01459 2.47139 9.0364 1.93896 8.92912C2.16601 9.66767 2.60805 10.3135 3.20325 10.7763C3.79845 11.2392 4.51705 11.4958 5.25855 11.5104C4.00036 12.5448 2.44609 13.1063 0.845829 13.1046C0.563126 13.104 0.280699 13.0861 0 13.051C1.6249 14.1418 3.51557 14.7204 5.44628 14.7177\" fill=\"white\"\/>\n<\/svg>                <\/a>\n            <\/li>\n                    <\/ul>\n<\/div>\n\n\n<h2 class=\"tribe-block__related-events__title\">Related Events<\/h2>\n\n<ul  class=\"tribe-related-events tribe-clearfix\" >\n\t\t\t<li>\n\t\n<div class=\"tribe-related-events-thumbnail\">\n\t<a href=\"https:\/\/kuna.bbk.eus\/en\/event\/haurkuna-construimos-nombramos-robot\/\" class=\"url\" rel=\"bookmark\" tabindex=\"-1\" aria-hidden=\"true\"><img loading=\"lazy\" decoding=\"async\" width=\"1024\" height=\"427\" src=\"https:\/\/kuna.bbk.eus\/wp-content\/uploads\/2025\/12\/haurkuna26-1024x427.jpg\" class=\"attachment-large size-large wp-post-image\" alt=\"\" \/><\/a>\n<\/div>\n\t<div class=\"tribe-related-event-info\">\n\t<h3 class=\"tribe-related-events-title\">\n\t\t<a href=\"https:\/\/kuna.bbk.eus\/en\/event\/haurkuna-construimos-nombramos-robot\/\" class=\"tribe-event-url\" rel=\"bookmark\">\n\t\t\tHaurkuna: Construimos y nombramos nuestro robot\t\t<\/a>\n\t<\/h3>\n\t<span class=\"tribe-event-date-start\">29\/04 @ 17:30<\/span> &#8211; <span class=\"tribe-event-time\">18:30<\/span><\/div>\n<\/li>\n\t\t\t<li>\n\t\n<div class=\"tribe-related-events-thumbnail\">\n\t<a href=\"https:\/\/kuna.bbk.eus\/en\/event\/taller-de-instrumentos-de-behotsik-2\/\" class=\"url\" rel=\"bookmark\" tabindex=\"-1\" aria-hidden=\"true\"><img loading=\"lazy\" decoding=\"async\" width=\"1024\" height=\"682\" src=\"https:\/\/kuna.bbk.eus\/wp-content\/uploads\/2026\/04\/Behotsik-instrumentu-tailerra-1024x682.jpg\" class=\"attachment-large size-large wp-post-image\" alt=\"\" \/><\/a>\n<\/div>\n\t<div class=\"tribe-related-event-info\">\n\t<h3 class=\"tribe-related-events-title\">\n\t\t<a href=\"https:\/\/kuna.bbk.eus\/en\/event\/taller-de-instrumentos-de-behotsik-2\/\" class=\"tribe-event-url\" rel=\"bookmark\">\n\t\t\tTaller de instrumentos de Behotsik\t\t<\/a>\n\t<\/h3>\n\t<span class=\"tribe-event-date-start\">09\/05 @ 12:00<\/span> &#8211; <span class=\"tribe-event-time\">13:30<\/span><\/div>\n<\/li>\n\t\t\t<li>\n\t\n<div class=\"tribe-related-events-thumbnail\">\n\t<a href=\"https:\/\/kuna.bbk.eus\/en\/event\/otras-infancias-2\/\" class=\"url\" rel=\"bookmark\" tabindex=\"-1\" aria-hidden=\"true\"><img loading=\"lazy\" decoding=\"async\" width=\"1024\" height=\"684\" src=\"https:\/\/kuna.bbk.eus\/wp-content\/uploads\/2026\/02\/Imagen1-1024x684.jpg\" class=\"attachment-large size-large wp-post-image\" alt=\"\" \/><\/a>\n<\/div>\n\t<div class=\"tribe-related-event-info\">\n\t<h3 class=\"tribe-related-events-title\">\n\t\t<a href=\"https:\/\/kuna.bbk.eus\/en\/event\/otras-infancias-2\/\" class=\"tribe-event-url\" rel=\"bookmark\">\n\t\t\tOtras Infancias\t\t<\/a>\n\t<\/h3>\n\t<span class=\"tribe-event-date-start\">18\/05 @ 09:00<\/span> &#8211; <span class=\"tribe-event-date-end\">13\/06 @ 21:00<\/span><\/div>\n<\/li>\n\t<\/ul>\n","protected":false},"excerpt":{"rendered":"<p>Taller familiar<\/p>\n","protected":false},"author":21,"featured_media":16408,"template":"","meta":{"_acf_changed":false,"_tec_requires_first_save":false,"_EventAllDay":false,"_EventTimezone":"Europe\/Madrid","_EventStartDate":"2026-05-21 17:30:00","_EventEndDate":"2026-05-21 18:30:00","_EventStartDateUTC":"2026-05-21 15:30:00","_EventEndDateUTC":"2026-05-21 16:30:00","_EventShowMap":false,"_EventShowMapLink":false,"_EventURL":"https:\/\/forms.cloud.microsoft\/e\/QKCGynE56J","_EventCost":"","_EventCostDescription":"","_EventCurrencySymbol":"\u20ac","_EventCurrencyCode":"USD","_EventCurrencyPosition":"suffix","_EventDateTimeSeparator":" @ ","_EventTimeRangeSeparator":" - ","_EventOrganizerID":[],"_EventVenueID":[2567],"_OrganizerEmail":"","_OrganizerPhone":"","_OrganizerWebsite":"","_VenueAddress":"","_VenueCity":"","_VenueCountry":"","_VenueProvince":"","_VenueState":"","_VenueZip":"","_VenuePhone":"","_VenueURL":"","_VenueStateProvince":"","_VenueLat":"","_VenueLng":"","_VenueShowMap":false,"_VenueShowMapLink":false,"_tribe_blocks_recurrence_rules":"","_tribe_blocks_recurrence_description":"","_tribe_blocks_recurrence_exclusions":"","_tribe_events_status":"","_tribe_events_status_reason":"","_tribe_events_is_hybrid":"","_tribe_events_is_virtual":"","_tribe_events_virtual_video_source":"","_tribe_events_virtual_embed_video":"","_tribe_events_virtual_linked_button_text":"","_tribe_events_virtual_linked_button":"","_tribe_events_virtual_show_embed_at":"","_tribe_events_virtual_show_embed_to":[],"_tribe_events_virtual_show_on_event":"","_tribe_events_virtual_show_on_views":"","_tribe_events_virtual_url":"","footnotes":""},"tags":[81,193,156,84,158],"tribe_events_cat":[50],"class_list":["post-16744","tribe_events","type-tribe_events","status-publish","has-post-thumbnail","hentry","tag-bbkkuna-en","tag-familia","tag-infancia-en","tag-juventud-en","tag-talleres-en","tribe_events_cat-workshop","cat_workshop"],"acf":[],"yoast_head":"<!-- This site is optimized with the Yoast SEO plugin v27.0 - https:\/\/yoast.com\/product\/yoast-seo-wordpress\/ -->\n<title>Pro-tejiendo sus derechos - BBK Kuna \/ The social innovation space in Bizkaia<\/title>\n<meta name=\"robots\" content=\"index, follow, max-snippet:-1, max-image-preview:large, max-video-preview:-1\" \/>\n<link rel=\"canonical\" href=\"https:\/\/kuna.bbk.eus\/en\/event\/pro-tejiendo-sus-derechos\/\" \/>\n<meta property=\"og:locale\" content=\"en_US\" \/>\n<meta property=\"og:type\" content=\"article\" \/>\n<meta property=\"og:title\" content=\"Pro-tejiendo sus derechos - BBK Kuna \/ The social innovation space in Bizkaia\" \/>\n<meta property=\"og:description\" content=\"Taller familiar\" \/>\n<meta property=\"og:url\" content=\"https:\/\/kuna.bbk.eus\/en\/event\/pro-tejiendo-sus-derechos\/\" \/>\n<meta property=\"og:site_name\" content=\"BBK Kuna \/ The social innovation space in Bizkaia\" \/>\n<meta property=\"article:modified_time\" content=\"2026-04-28T08:29:11+00:00\" \/>\n<meta property=\"og:image\" content=\"https:\/\/kuna.bbk.eus\/wp-content\/uploads\/2026\/02\/Imagen1.jpg\" \/>\n\t<meta property=\"og:image:width\" content=\"2268\" \/>\n\t<meta property=\"og:image:height\" content=\"1514\" \/>\n\t<meta property=\"og:image:type\" content=\"image\/jpeg\" \/>\n<meta name=\"twitter:card\" content=\"summary_large_image\" \/>\n<meta name=\"twitter:label1\" content=\"Est. reading time\" \/>\n\t<meta name=\"twitter:data1\" content=\"2 minutes\" \/>\n<script type=\"application\/ld+json\" class=\"yoast-schema-graph\">{\"@context\":\"https:\/\/schema.org\",\"@graph\":[{\"@type\":\"WebPage\",\"@id\":\"https:\/\/kuna.bbk.eus\/en\/event\/pro-tejiendo-sus-derechos\/\",\"url\":\"https:\/\/kuna.bbk.eus\/en\/event\/pro-tejiendo-sus-derechos\/\",\"name\":\"Pro-tejiendo sus derechos - BBK Kuna \/ The social innovation space in Bizkaia\",\"isPartOf\":{\"@id\":\"https:\/\/kuna.bbk.eus\/en\/#website\"},\"primaryImageOfPage\":{\"@id\":\"https:\/\/kuna.bbk.eus\/en\/event\/pro-tejiendo-sus-derechos\/#primaryimage\"},\"image\":{\"@id\":\"https:\/\/kuna.bbk.eus\/en\/event\/pro-tejiendo-sus-derechos\/#primaryimage\"},\"thumbnailUrl\":\"https:\/\/kuna.bbk.eus\/wp-content\/uploads\/2026\/02\/Imagen1.jpg\",\"datePublished\":\"2026-04-28T08:22:59+00:00\",\"dateModified\":\"2026-04-28T08:29:11+00:00\",\"breadcrumb\":{\"@id\":\"https:\/\/kuna.bbk.eus\/en\/event\/pro-tejiendo-sus-derechos\/#breadcrumb\"},\"inLanguage\":\"en-US\",\"potentialAction\":[{\"@type\":\"ReadAction\",\"target\":[\"https:\/\/kuna.bbk.eus\/en\/event\/pro-tejiendo-sus-derechos\/\"]}]},{\"@type\":\"ImageObject\",\"inLanguage\":\"en-US\",\"@id\":\"https:\/\/kuna.bbk.eus\/en\/event\/pro-tejiendo-sus-derechos\/#primaryimage\",\"url\":\"https:\/\/kuna.bbk.eus\/wp-content\/uploads\/2026\/02\/Imagen1.jpg\",\"contentUrl\":\"https:\/\/kuna.bbk.eus\/wp-content\/uploads\/2026\/02\/Imagen1.jpg\",\"width\":2268,\"height\":1514},{\"@type\":\"BreadcrumbList\",\"@id\":\"https:\/\/kuna.bbk.eus\/en\/event\/pro-tejiendo-sus-derechos\/#breadcrumb\",\"itemListElement\":[{\"@type\":\"ListItem\",\"position\":1,\"name\":\"Home\",\"item\":\"https:\/\/kuna.bbk.eus\/en\/\"},{\"@type\":\"ListItem\",\"position\":2,\"name\":\"Events\",\"item\":\"https:\/\/kuna.bbk.eus\/en\/agenda\/\"},{\"@type\":\"ListItem\",\"position\":3,\"name\":\"Pro-tejiendo sus derechos\"}]},{\"@type\":\"WebSite\",\"@id\":\"https:\/\/kuna.bbk.eus\/en\/#website\",\"url\":\"https:\/\/kuna.bbk.eus\/en\/\",\"name\":\"BBK Kuna\",\"description\":\"We want to be a benchmark in the future of Bizkaia, and to achieve this we have an open transformative space able to create positive changes in society.\",\"alternateName\":\"BBK Kuna\",\"potentialAction\":[{\"@type\":\"SearchAction\",\"target\":{\"@type\":\"EntryPoint\",\"urlTemplate\":\"https:\/\/kuna.bbk.eus\/en\/?s={search_term_string}\"},\"query-input\":{\"@type\":\"PropertyValueSpecification\",\"valueRequired\":true,\"valueName\":\"search_term_string\"}}],\"inLanguage\":\"en-US\"}]}<\/script>\n<!-- \/ Yoast SEO plugin. -->","yoast_head_json":{"title":"Pro-tejiendo sus derechos - BBK Kuna \/ The social innovation space in Bizkaia","robots":{"index":"index","follow":"follow","max-snippet":"max-snippet:-1","max-image-preview":"max-image-preview:large","max-video-preview":"max-video-preview:-1"},"canonical":"https:\/\/kuna.bbk.eus\/en\/event\/pro-tejiendo-sus-derechos\/","og_locale":"en_US","og_type":"article","og_title":"Pro-tejiendo sus derechos - BBK Kuna \/ The social innovation space in Bizkaia","og_description":"Taller familiar","og_url":"https:\/\/kuna.bbk.eus\/en\/event\/pro-tejiendo-sus-derechos\/","og_site_name":"BBK Kuna \/ The social innovation space in Bizkaia","article_modified_time":"2026-04-28T08:29:11+00:00","og_image":[{"width":2268,"height":1514,"url":"https:\/\/kuna.bbk.eus\/wp-content\/uploads\/2026\/02\/Imagen1.jpg","type":"image\/jpeg"}],"twitter_card":"summary_large_image","twitter_misc":{"Est. reading time":"2 minutes"},"schema":{"@context":"https:\/\/schema.org","@graph":[{"@type":"WebPage","@id":"https:\/\/kuna.bbk.eus\/en\/event\/pro-tejiendo-sus-derechos\/","url":"https:\/\/kuna.bbk.eus\/en\/event\/pro-tejiendo-sus-derechos\/","name":"Pro-tejiendo sus derechos - BBK Kuna \/ The social innovation space in Bizkaia","isPartOf":{"@id":"https:\/\/kuna.bbk.eus\/en\/#website"},"primaryImageOfPage":{"@id":"https:\/\/kuna.bbk.eus\/en\/event\/pro-tejiendo-sus-derechos\/#primaryimage"},"image":{"@id":"https:\/\/kuna.bbk.eus\/en\/event\/pro-tejiendo-sus-derechos\/#primaryimage"},"thumbnailUrl":"https:\/\/kuna.bbk.eus\/wp-content\/uploads\/2026\/02\/Imagen1.jpg","datePublished":"2026-04-28T08:22:59+00:00","dateModified":"2026-04-28T08:29:11+00:00","breadcrumb":{"@id":"https:\/\/kuna.bbk.eus\/en\/event\/pro-tejiendo-sus-derechos\/#breadcrumb"},"inLanguage":"en-US","potentialAction":[{"@type":"ReadAction","target":["https:\/\/kuna.bbk.eus\/en\/event\/pro-tejiendo-sus-derechos\/"]}]},{"@type":"ImageObject","inLanguage":"en-US","@id":"https:\/\/kuna.bbk.eus\/en\/event\/pro-tejiendo-sus-derechos\/#primaryimage","url":"https:\/\/kuna.bbk.eus\/wp-content\/uploads\/2026\/02\/Imagen1.jpg","contentUrl":"https:\/\/kuna.bbk.eus\/wp-content\/uploads\/2026\/02\/Imagen1.jpg","width":2268,"height":1514},{"@type":"BreadcrumbList","@id":"https:\/\/kuna.bbk.eus\/en\/event\/pro-tejiendo-sus-derechos\/#breadcrumb","itemListElement":[{"@type":"ListItem","position":1,"name":"Home","item":"https:\/\/kuna.bbk.eus\/en\/"},{"@type":"ListItem","position":2,"name":"Events","item":"https:\/\/kuna.bbk.eus\/en\/agenda\/"},{"@type":"ListItem","position":3,"name":"Pro-tejiendo sus derechos"}]},{"@type":"WebSite","@id":"https:\/\/kuna.bbk.eus\/en\/#website","url":"https:\/\/kuna.bbk.eus\/en\/","name":"BBK Kuna","description":"We want to be a benchmark in the future of Bizkaia, and to achieve this we have an open transformative space able to create positive changes in society.","alternateName":"BBK Kuna","potentialAction":[{"@type":"SearchAction","target":{"@type":"EntryPoint","urlTemplate":"https:\/\/kuna.bbk.eus\/en\/?s={search_term_string}"},"query-input":{"@type":"PropertyValueSpecification","valueRequired":true,"valueName":"search_term_string"}}],"inLanguage":"en-US"}]}},"_links":{"self":[{"href":"https:\/\/kuna.bbk.eus\/en\/wp-json\/wp\/v2\/tribe_events\/16744","targetHints":{"allow":["GET"]}}],"collection":[{"href":"https:\/\/kuna.bbk.eus\/en\/wp-json\/wp\/v2\/tribe_events"}],"about":[{"href":"https:\/\/kuna.bbk.eus\/en\/wp-json\/wp\/v2\/types\/tribe_events"}],"author":[{"embeddable":true,"href":"https:\/\/kuna.bbk.eus\/en\/wp-json\/wp\/v2\/users\/21"}],"version-history":[{"count":3,"href":"https:\/\/kuna.bbk.eus\/en\/wp-json\/wp\/v2\/tribe_events\/16744\/revisions"}],"predecessor-version":[{"id":16752,"href":"https:\/\/kuna.bbk.eus\/en\/wp-json\/wp\/v2\/tribe_events\/16744\/revisions\/16752"}],"wp:featuredmedia":[{"embeddable":true,"href":"https:\/\/kuna.bbk.eus\/en\/wp-json\/wp\/v2\/media\/16408"}],"wp:attachment":[{"href":"https:\/\/kuna.bbk.eus\/en\/wp-json\/wp\/v2\/media?parent=16744"}],"wp:term":[{"taxonomy":"post_tag","embeddable":true,"href":"https:\/\/kuna.bbk.eus\/en\/wp-json\/wp\/v2\/tags?post=16744"},{"taxonomy":"tribe_events_cat","embeddable":true,"href":"https:\/\/kuna.bbk.eus\/en\/wp-json\/wp\/v2\/tribe_events_cat?post=16744"}],"curies":[{"name":"wp","href":"https:\/\/api.w.org\/{rel}","templated":true}]}}