{"id":7996,"date":"2022-12-20T14:22:39","date_gmt":"2022-12-20T13:22:39","guid":{"rendered":"https:\/\/kuna.bbk.eus\/?post_type=tribe_events&#038;p=7996"},"modified":"2022-12-20T14:24:14","modified_gmt":"2022-12-20T13:24:14","slug":"presentacion-del-libro-cuando-la-opcion-es-vivir","status":"publish","type":"tribe_events","link":"https:\/\/kuna.bbk.eus\/eu\/ekitaldia\/presentacion-del-libro-cuando-la-opcion-es-vivir\/","title":{"rendered":"\u201cCuando la opci\u00f3n es vivir\u201d liburu aurkezpena"},"content":{"rendered":"    <section class=\"wp-block-base-event-info\" style=\"background-color: #EBB685\">\n        <div class=\"event-info-block-wrapper\">\n            \n\n<!-- Date -->\n<h2 class=\"tribe-events-schedule tribe-events-schedule__date\">\n    <span class=\"title\">Data<\/span>\n    <span class=\"tribe-events-schedule__date tribe-events-schedule__date--start\">\n                    22\/12\/22            <\/span>\n<\/h2>\n\n<!-- Time -->\n<h2 class=\"tribe-events-schedule tribe-events-schedule__time\">\n    <span class=\"title\">Ordua<\/span>\n            <span class=\"tribe-events-schedule__time tribe-events-schedule__time--end\">\n                            18:00h                    <\/span>\n    \n    <\/h2>\n\n<div class=\"tribe-block tribe-block__venue \">\n    \n    \n<div class=\"tribe-block__venue__meta\">\n    <div class=\"tribe-block__venue__name\">\n        <h2>\n            <span class=\"title\">Lekua<\/span>\n            <span><a href=\"https:\/\/kuna.bbk.eus\/lekua\/bbk-kuna-sala-ganbara\/\" title=\"BBK Kuna &#8211; Sala Ganbara\">BBK Kuna &#8211; Sala Ganbara<\/a><\/span>\n        <\/h2>\n    <\/div>\n\n    \n    \n    \n    \n    <\/div>    \n    <\/div>\n\n\n        <\/div>\n    <\/section>\n\n\n<div class=\"wp-block-image\">\n<figure class=\"aligncenter size-large\"><img decoding=\"async\" src=\"https:\/\/kuna.bbk.eus\/wp-content\/uploads\/2022\/12\/Ela-1024x576.jpg\" alt=\"\" class=\"wp-image-7991\"\/><\/figure>\n<\/div>\n\n\n<p>2014ko abenduan ELAk diagnostikatu zionetik, Concepci\u00f3n de \u00c1gueda Serrano (Bilbo, 1976) psikologoaren bizitza ez da arrosa-bidea izan. Ostegun honetan, abenduaren 22an, arratsaldeko 18: 00etan, bere historia ezagutzeko aukera izango duzu BBK Kuna Bilboko gunean egingo den &#8220;Cuando es la opci\u00f3n vivir&#8221; liburuaren aurkezpen ekitaldian.<\/p>\n\n\n\n<p>Fikziozkoa ez den lan autobiografiko eta gogoetatsu honetan, Conchik, gertueneko pertsonek ezagutzen duten bezala, eye-tracking teknologiaren laguntzaz, Alboko Esklerosi Amiotrofikoarekin duen esperientzia eta gaixotasun neurodegeneratibo horren aurkako borroka kontatzen ditu.<\/p>\n\n\n\n<p>Izan ere, azalean azpimarratzen den bezala, liburua bere begiekin eta arimak diktatuta dago. Biziraupenaren, egokitzapenaren eta gainditzearen alegatua, eta gaixotasunaren ondorio izugarriak gorabehera, bere benetako nia aurkitzean zorionaren bidetik ez ateratzeko moduaren alegatua.<\/p>\n\n\n\n<p>Ekitaldian izango dira Conchi de \u00c1gueda protagonista, Nora Sarasola BBK-ko Gizarte Ekintzako zuzendaria, Carolina Ram\u00edrez Adela Bizkaiako presidentea, Jaime Lafita Dalecandelaren sortzailea eta Alfonso del R\u00edo idazle bilbotar eta Dalecandelako kidea.<\/p>\n\n\n\n<div class=\"event-share-block\">\n    <span class=\"title\">Partekatu<\/span>\n    <ul>\n                    <li>\n                <a class=\"fb-share-button\" href=\"https:\/\/www.facebook.com\/sharer\/sharer.php\" target=\"_blank\">\n                    <svg width=\"18\" height=\"18\" viewBox=\"0 0 18 18\" fill=\"none\" xmlns=\"http:\/\/www.w3.org\/2000\/svg\">\n<path d=\"M13.4993 0.0037452L11.1651 0C8.54278 0 6.84809 1.73871 6.84809 4.42982V6.47227H4.50118C4.29838 6.47227 4.13416 6.63668 4.13416 6.83949V9.79876C4.13416 10.0016 4.29857 10.1658 4.50118 10.1658H6.84809V17.633C6.84809 17.8358 7.01231 18 7.21511 18H10.2772C10.48 18 10.6442 17.8356 10.6442 17.633V10.1658H13.3883C13.5911 10.1658 13.7553 10.0016 13.7553 9.79876L13.7564 6.83949C13.7564 6.74211 13.7177 6.64886 13.6489 6.57994C13.5802 6.51103 13.4866 6.47227 13.3892 6.47227H10.6442V4.74086C10.6442 3.90868 10.8425 3.48622 11.9265 3.48622L13.4989 3.48566C13.7016 3.48566 13.8658 3.32124 13.8658 3.11863V0.370775C13.8658 0.168347 13.7017 0.00411972 13.4993 0.0037452Z\" fill=\"white\"\/>\n<path d=\"M13.4993 0.0037452L11.1651 0C8.54278 0 6.84809 1.73871 6.84809 4.42982V6.47227H4.50118C4.29838 6.47227 4.13416 6.63668 4.13416 6.83949V9.79876C4.13416 10.0016 4.29857 10.1658 4.50118 10.1658H6.84809V17.633C6.84809 17.8358 7.01231 18 7.21511 18H10.2772C10.48 18 10.6442 17.8356 10.6442 17.633V10.1658H13.3883C13.5911 10.1658 13.7553 10.0016 13.7553 9.79876L13.7564 6.83949C13.7564 6.74211 13.7177 6.64886 13.6489 6.57994C13.5802 6.51103 13.4866 6.47227 13.3892 6.47227H10.6442V4.74086C10.6442 3.90868 10.8425 3.48622 11.9265 3.48622L13.4989 3.48566C13.7016 3.48566 13.8658 3.32124 13.8658 3.11863V0.370775C13.8658 0.168347 13.7017 0.00411972 13.4993 0.0037452Z\" fill=\"#56646B\"\/>\n<\/svg>                <\/a>\n            <\/li>\n                            <li>\n                <a class=\"twitter-share-button\" href=\"https:\/\/twitter.com\/intent\/tweet?text=%E2%80%9CCuando+la+opci%C3%B3n+es+vivir%E2%80%9D+liburu+aurkezpena&#038;url=https%3A%2F%2Fkuna.bbk.eus%2Feu%2Fekitaldia%2Fpresentacion-del-libro-cuando-la-opcion-es-vivir%2F\" target=\"_blank\">\n                    <svg width=\"18\" height=\"15\" viewBox=\"0 0 18 15\" fill=\"none\" xmlns=\"http:\/\/www.w3.org\/2000\/svg\">\n<path d=\"M5.44628 14.7206C11.9815 14.7206 15.556 9.05666 15.556 4.14491C15.556 3.98404 15.556 3.82389 15.5457 3.66446C16.241 3.1383 16.8413 2.4868 17.3184 1.74049C16.6699 2.04108 15.982 2.23821 15.2776 2.32529C16.0193 1.86077 16.5745 1.13016 16.8397 0.269429C16.1422 0.702381 15.3792 1.0075 14.5834 1.17163C14.0477 0.575732 13.3392 0.181142 12.5675 0.0489242C11.7958 -0.0832938 11.004 0.054231 10.3145 0.440217C9.62505 0.826203 9.07643 1.43913 8.75352 2.18415C8.43062 2.92918 8.35145 3.76476 8.52825 4.56159C7.1156 4.48751 5.73362 4.10349 4.47204 3.43445C3.21047 2.76541 2.09749 1.82632 1.20536 0.678137C0.750988 1.4964 0.611823 2.46505 0.8162 3.38687C1.02058 4.3087 1.55313 5.11438 2.30542 5.63989C1.73997 5.62236 1.18685 5.46279 0.692734 5.17466C0.692734 5.18987 0.692734 5.20582 0.692734 5.22176C0.692959 6.07992 0.976937 6.91157 1.4965 7.57567C2.01607 8.23977 2.73923 8.69543 3.54334 8.86535C3.02023 9.01459 2.47139 9.0364 1.93896 8.92912C2.16601 9.66767 2.60805 10.3135 3.20325 10.7763C3.79845 11.2392 4.51705 11.4958 5.25855 11.5104C4.00036 12.5448 2.44609 13.1063 0.845829 13.1046C0.563126 13.104 0.280699 13.0861 0 13.051C1.6249 14.1418 3.51557 14.7204 5.44628 14.7177\" fill=\"white\"\/>\n<\/svg>                <\/a>\n            <\/li>\n                    <\/ul>\n<\/div>\n\n\n","protected":false},"excerpt":{"rendered":"<p>Nire begiekin idatzitako istorio bat, nire arimak emana<\/p>\n","protected":false},"author":2,"featured_media":7992,"template":"","meta":{"_acf_changed":false,"_tec_requires_first_save":false,"_EventAllDay":false,"_EventTimezone":"Europe\/Madrid","_EventStartDate":"2022-12-22 18:00:00","_EventEndDate":"2022-12-22 18:00:00","_EventStartDateUTC":"2022-12-22 17:00:00","_EventEndDateUTC":"2022-12-22 17:00:00","_EventShowMap":false,"_EventShowMapLink":false,"_EventURL":"","_EventCost":"","_EventCostDescription":"","_EventCurrencySymbol":"\u20ac","_EventCurrencyCode":"USD","_EventCurrencyPosition":"suffix","_EventDateTimeSeparator":" @ ","_EventTimeRangeSeparator":" - ","_EventOrganizerID":[],"_EventVenueID":[2402],"_OrganizerEmail":"","_OrganizerPhone":"","_OrganizerWebsite":"","_VenueAddress":"","_VenueCity":"","_VenueCountry":"","_VenueProvince":"","_VenueState":"","_VenueZip":"","_VenuePhone":"","_VenueURL":"","_VenueStateProvince":"","_VenueLat":"","_VenueLng":"","_VenueShowMap":false,"_VenueShowMapLink":false,"_tribe_blocks_recurrence_rules":"","_tribe_blocks_recurrence_description":"","_tribe_blocks_recurrence_exclusions":"","_tribe_events_status":"","_tribe_events_status_reason":"","_tribe_events_is_hybrid":"","_tribe_events_is_virtual":"","_tribe_events_virtual_video_source":"","_tribe_events_virtual_embed_video":"","_tribe_events_virtual_linked_button_text":"","_tribe_events_virtual_linked_button":"","_tribe_events_virtual_show_embed_at":"","_tribe_events_virtual_show_embed_to":[],"_tribe_events_virtual_show_on_event":"","_tribe_events_virtual_show_on_views":"","_tribe_events_virtual_url":"","footnotes":""},"tags":[],"tribe_events_cat":[43],"class_list":["post-7996","tribe_events","type-tribe_events","status-publish","has-post-thumbnail","hentry","tribe_events_cat-hitzaldia","cat_hitzaldia"],"acf":[],"yoast_head":"<!-- This site is optimized with the Yoast SEO plugin v27.0 - https:\/\/yoast.com\/product\/yoast-seo-wordpress\/ -->\n<title>\u201cCuando la opci\u00f3n es vivir\u201d liburu aurkezpena - BBK Kuna | Gizarte Berrikuntzaren gunea Bizkaian<\/title>\n<meta name=\"robots\" content=\"index, follow, max-snippet:-1, max-image-preview:large, max-video-preview:-1\" \/>\n<link rel=\"canonical\" href=\"https:\/\/kuna.bbk.eus\/eu\/ekitaldia\/presentacion-del-libro-cuando-la-opcion-es-vivir\/\" \/>\n<meta property=\"og:locale\" content=\"eu_ES\" \/>\n<meta property=\"og:type\" content=\"article\" \/>\n<meta property=\"og:title\" content=\"\u201cCuando la opci\u00f3n es vivir\u201d liburu aurkezpena - BBK Kuna | Gizarte Berrikuntzaren gunea Bizkaian\" \/>\n<meta property=\"og:description\" content=\"Nire begiekin idatzitako istorio bat, nire arimak emana\" \/>\n<meta property=\"og:url\" content=\"https:\/\/kuna.bbk.eus\/eu\/ekitaldia\/presentacion-del-libro-cuando-la-opcion-es-vivir\/\" \/>\n<meta property=\"og:site_name\" content=\"BBK Kuna | Gizarte Berrikuntzaren gunea Bizkaian\" \/>\n<meta property=\"article:modified_time\" content=\"2022-12-20T13:24:14+00:00\" \/>\n<meta property=\"og:image\" content=\"https:\/\/kuna.bbk.eus\/wp-content\/uploads\/2022\/12\/Ela.jpg\" \/>\n\t<meta property=\"og:image:width\" content=\"1920\" \/>\n\t<meta property=\"og:image:height\" content=\"1080\" \/>\n\t<meta property=\"og:image:type\" content=\"image\/jpeg\" \/>\n<meta name=\"twitter:card\" content=\"summary_large_image\" \/>\n<meta name=\"twitter:label1\" content=\"Est. reading time\" \/>\n\t<meta name=\"twitter:data1\" content=\"1 minute\" \/>\n<script type=\"application\/ld+json\" class=\"yoast-schema-graph\">{\"@context\":\"https:\/\/schema.org\",\"@graph\":[{\"@type\":\"WebPage\",\"@id\":\"https:\/\/kuna.bbk.eus\/eu\/ekitaldia\/presentacion-del-libro-cuando-la-opcion-es-vivir\/\",\"url\":\"https:\/\/kuna.bbk.eus\/eu\/ekitaldia\/presentacion-del-libro-cuando-la-opcion-es-vivir\/\",\"name\":\"\u201cCuando la opci\u00f3n es vivir\u201d liburu aurkezpena - BBK Kuna | Gizarte Berrikuntzaren gunea Bizkaian\",\"isPartOf\":{\"@id\":\"https:\/\/kuna.bbk.eus\/eu\/#website\"},\"primaryImageOfPage\":{\"@id\":\"https:\/\/kuna.bbk.eus\/eu\/ekitaldia\/presentacion-del-libro-cuando-la-opcion-es-vivir\/#primaryimage\"},\"image\":{\"@id\":\"https:\/\/kuna.bbk.eus\/eu\/ekitaldia\/presentacion-del-libro-cuando-la-opcion-es-vivir\/#primaryimage\"},\"thumbnailUrl\":\"https:\/\/kuna.bbk.eus\/wp-content\/uploads\/2022\/12\/Ela.jpg\",\"datePublished\":\"2022-12-20T13:22:39+00:00\",\"dateModified\":\"2022-12-20T13:24:14+00:00\",\"breadcrumb\":{\"@id\":\"https:\/\/kuna.bbk.eus\/eu\/ekitaldia\/presentacion-del-libro-cuando-la-opcion-es-vivir\/#breadcrumb\"},\"inLanguage\":\"eu-ES\",\"potentialAction\":[{\"@type\":\"ReadAction\",\"target\":[\"https:\/\/kuna.bbk.eus\/eu\/ekitaldia\/presentacion-del-libro-cuando-la-opcion-es-vivir\/\"]}]},{\"@type\":\"ImageObject\",\"inLanguage\":\"eu-ES\",\"@id\":\"https:\/\/kuna.bbk.eus\/eu\/ekitaldia\/presentacion-del-libro-cuando-la-opcion-es-vivir\/#primaryimage\",\"url\":\"https:\/\/kuna.bbk.eus\/wp-content\/uploads\/2022\/12\/Ela.jpg\",\"contentUrl\":\"https:\/\/kuna.bbk.eus\/wp-content\/uploads\/2022\/12\/Ela.jpg\",\"width\":1920,\"height\":1080},{\"@type\":\"BreadcrumbList\",\"@id\":\"https:\/\/kuna.bbk.eus\/eu\/ekitaldia\/presentacion-del-libro-cuando-la-opcion-es-vivir\/#breadcrumb\",\"itemListElement\":[{\"@type\":\"ListItem\",\"position\":1,\"name\":\"Home\",\"item\":\"https:\/\/kuna.bbk.eus\/eu\/\"},{\"@type\":\"ListItem\",\"position\":2,\"name\":\"Ekitaldiak\",\"item\":\"https:\/\/kuna.bbk.eus\/eu\/agenda\/\"},{\"@type\":\"ListItem\",\"position\":3,\"name\":\"\u201cCuando la opci\u00f3n es vivir\u201d liburu aurkezpena\"}]},{\"@type\":\"WebSite\",\"@id\":\"https:\/\/kuna.bbk.eus\/eu\/#website\",\"url\":\"https:\/\/kuna.bbk.eus\/eu\/\",\"name\":\"BBK Kuna\",\"description\":\"Bizkaiaren etorkizunean erreferente izan gura dugu; horretarako, gizartean aldaketa positiboak sortzeko gai den gune ireki eta eraldatzailea dugu.\",\"alternateName\":\"BBK Kuna\",\"potentialAction\":[{\"@type\":\"SearchAction\",\"target\":{\"@type\":\"EntryPoint\",\"urlTemplate\":\"https:\/\/kuna.bbk.eus\/eu\/?s={search_term_string}\"},\"query-input\":{\"@type\":\"PropertyValueSpecification\",\"valueRequired\":true,\"valueName\":\"search_term_string\"}}],\"inLanguage\":\"eu-ES\"}]}<\/script>\n<!-- \/ Yoast SEO plugin. -->","yoast_head_json":{"title":"\u201cCuando la opci\u00f3n es vivir\u201d liburu aurkezpena - BBK Kuna | Gizarte Berrikuntzaren gunea Bizkaian","robots":{"index":"index","follow":"follow","max-snippet":"max-snippet:-1","max-image-preview":"max-image-preview:large","max-video-preview":"max-video-preview:-1"},"canonical":"https:\/\/kuna.bbk.eus\/eu\/ekitaldia\/presentacion-del-libro-cuando-la-opcion-es-vivir\/","og_locale":"eu_ES","og_type":"article","og_title":"\u201cCuando la opci\u00f3n es vivir\u201d liburu aurkezpena - BBK Kuna | Gizarte Berrikuntzaren gunea Bizkaian","og_description":"Nire begiekin idatzitako istorio bat, nire arimak emana","og_url":"https:\/\/kuna.bbk.eus\/eu\/ekitaldia\/presentacion-del-libro-cuando-la-opcion-es-vivir\/","og_site_name":"BBK Kuna | Gizarte Berrikuntzaren gunea Bizkaian","article_modified_time":"2022-12-20T13:24:14+00:00","og_image":[{"width":1920,"height":1080,"url":"https:\/\/kuna.bbk.eus\/wp-content\/uploads\/2022\/12\/Ela.jpg","type":"image\/jpeg"}],"twitter_card":"summary_large_image","twitter_misc":{"Est. reading time":"1 minute"},"schema":{"@context":"https:\/\/schema.org","@graph":[{"@type":"WebPage","@id":"https:\/\/kuna.bbk.eus\/eu\/ekitaldia\/presentacion-del-libro-cuando-la-opcion-es-vivir\/","url":"https:\/\/kuna.bbk.eus\/eu\/ekitaldia\/presentacion-del-libro-cuando-la-opcion-es-vivir\/","name":"\u201cCuando la opci\u00f3n es vivir\u201d liburu aurkezpena - BBK Kuna | Gizarte Berrikuntzaren gunea Bizkaian","isPartOf":{"@id":"https:\/\/kuna.bbk.eus\/eu\/#website"},"primaryImageOfPage":{"@id":"https:\/\/kuna.bbk.eus\/eu\/ekitaldia\/presentacion-del-libro-cuando-la-opcion-es-vivir\/#primaryimage"},"image":{"@id":"https:\/\/kuna.bbk.eus\/eu\/ekitaldia\/presentacion-del-libro-cuando-la-opcion-es-vivir\/#primaryimage"},"thumbnailUrl":"https:\/\/kuna.bbk.eus\/wp-content\/uploads\/2022\/12\/Ela.jpg","datePublished":"2022-12-20T13:22:39+00:00","dateModified":"2022-12-20T13:24:14+00:00","breadcrumb":{"@id":"https:\/\/kuna.bbk.eus\/eu\/ekitaldia\/presentacion-del-libro-cuando-la-opcion-es-vivir\/#breadcrumb"},"inLanguage":"eu-ES","potentialAction":[{"@type":"ReadAction","target":["https:\/\/kuna.bbk.eus\/eu\/ekitaldia\/presentacion-del-libro-cuando-la-opcion-es-vivir\/"]}]},{"@type":"ImageObject","inLanguage":"eu-ES","@id":"https:\/\/kuna.bbk.eus\/eu\/ekitaldia\/presentacion-del-libro-cuando-la-opcion-es-vivir\/#primaryimage","url":"https:\/\/kuna.bbk.eus\/wp-content\/uploads\/2022\/12\/Ela.jpg","contentUrl":"https:\/\/kuna.bbk.eus\/wp-content\/uploads\/2022\/12\/Ela.jpg","width":1920,"height":1080},{"@type":"BreadcrumbList","@id":"https:\/\/kuna.bbk.eus\/eu\/ekitaldia\/presentacion-del-libro-cuando-la-opcion-es-vivir\/#breadcrumb","itemListElement":[{"@type":"ListItem","position":1,"name":"Home","item":"https:\/\/kuna.bbk.eus\/eu\/"},{"@type":"ListItem","position":2,"name":"Ekitaldiak","item":"https:\/\/kuna.bbk.eus\/eu\/agenda\/"},{"@type":"ListItem","position":3,"name":"\u201cCuando la opci\u00f3n es vivir\u201d liburu aurkezpena"}]},{"@type":"WebSite","@id":"https:\/\/kuna.bbk.eus\/eu\/#website","url":"https:\/\/kuna.bbk.eus\/eu\/","name":"BBK Kuna","description":"Bizkaiaren etorkizunean erreferente izan gura dugu; horretarako, gizartean aldaketa positiboak sortzeko gai den gune ireki eta eraldatzailea dugu.","alternateName":"BBK Kuna","potentialAction":[{"@type":"SearchAction","target":{"@type":"EntryPoint","urlTemplate":"https:\/\/kuna.bbk.eus\/eu\/?s={search_term_string}"},"query-input":{"@type":"PropertyValueSpecification","valueRequired":true,"valueName":"search_term_string"}}],"inLanguage":"eu-ES"}]}},"_links":{"self":[{"href":"https:\/\/kuna.bbk.eus\/eu\/wp-json\/wp\/v2\/tribe_events\/7996","targetHints":{"allow":["GET"]}}],"collection":[{"href":"https:\/\/kuna.bbk.eus\/eu\/wp-json\/wp\/v2\/tribe_events"}],"about":[{"href":"https:\/\/kuna.bbk.eus\/eu\/wp-json\/wp\/v2\/types\/tribe_events"}],"author":[{"embeddable":true,"href":"https:\/\/kuna.bbk.eus\/eu\/wp-json\/wp\/v2\/users\/2"}],"version-history":[{"count":0,"href":"https:\/\/kuna.bbk.eus\/eu\/wp-json\/wp\/v2\/tribe_events\/7996\/revisions"}],"wp:featuredmedia":[{"embeddable":true,"href":"https:\/\/kuna.bbk.eus\/eu\/wp-json\/wp\/v2\/media\/7992"}],"wp:attachment":[{"href":"https:\/\/kuna.bbk.eus\/eu\/wp-json\/wp\/v2\/media?parent=7996"}],"wp:term":[{"taxonomy":"post_tag","embeddable":true,"href":"https:\/\/kuna.bbk.eus\/eu\/wp-json\/wp\/v2\/tags?post=7996"},{"taxonomy":"tribe_events_cat","embeddable":true,"href":"https:\/\/kuna.bbk.eus\/eu\/wp-json\/wp\/v2\/tribe_events_cat?post=7996"}],"curies":[{"name":"wp","href":"https:\/\/api.w.org\/{rel}","templated":true}]}}